{"id":4839,"date":"2021-04-14T21:39:49","date_gmt":"2021-04-14T21:39:49","guid":{"rendered":"https:\/\/taniarubio.com\/?page_id=4839"},"modified":"2023-09-11T17:14:01","modified_gmt":"2023-09-11T17:14:01","slug":"conf","status":"publish","type":"page","link":"https:\/\/taniarubio.com\/en\/invest\/conf\/","title":{"rendered":"Conferences"},"content":{"rendered":"\t\t<div data-elementor-type=\"wp-page\" data-elementor-id=\"4839\" class=\"elementor elementor-4839\" data-elementor-post-type=\"page\">\n\t\t\t\t\t\t<section data-dce-background-overlay-color=\"#000000\" class=\"elementor-section elementor-top-section elementor-element elementor-element-57d283c elementor-section-boxed elementor-section-height-default elementor-section-height-default\" data-id=\"57d283c\" data-element_type=\"section\" data-settings=\"{&quot;background_background&quot;:&quot;video&quot;,&quot;background_video_link&quot;:&quot;\\\/wp-content\\\/uploads\\\/Main-Comp-2.mp4&quot;}\">\n\t\t\t\t\t\t\t\t<div class=\"elementor-background-video-container elementor-hidden-mobile\">\n\t\t\t\t\t\t\t\t\t\t\t\t\t<video class=\"elementor-background-video-hosted\" autoplay muted playsinline loop><\/video>\n\t\t\t\t\t\t\t\t\t\t\t<\/div>\n\t\t\t\t\t\t\t\t\t<div class=\"elementor-background-overlay\"><\/div>\n\t\t\t\t\t\t\t<div class=\"elementor-container elementor-column-gap-default\">\n\t\t\t\t\t<div class=\"elementor-column elementor-col-100 elementor-top-column elementor-element elementor-element-cc4f7e9\" data-id=\"cc4f7e9\" data-element_type=\"column\">\n\t\t\t<div class=\"elementor-widget-wrap elementor-element-populated\">\n\t\t\t\t\t\t<div class=\"elementor-element elementor-element-1c95190 elementor-widget elementor-widget-heading\" data-id=\"1c95190\" data-element_type=\"widget\" data-widget_type=\"heading.default\">\n\t\t\t\t<div class=\"elementor-widget-container\">\n\t\t\t\t\t<h2 class=\"elementor-heading-title elementor-size-default\">Conferencias<\/h2>\t\t\t\t<\/div>\n\t\t\t\t<\/div>\n\t\t\t\t<div class=\"elementor-element elementor-element-e2f80c6 elementor-widget elementor-widget-dce-breadcrumbs\" data-id=\"e2f80c6\" data-element_type=\"widget\" data-widget_type=\"dce-breadcrumbs.default\">\n\t\t\t\t<div class=\"elementor-widget-container\">\n\t\t\t\t\t<ul><li class=\"item-home\"><a class=\"bread-link bread-home\" href=\"https:\/\/taniarubio.com\/en\" title=\"Inicio\">Inicio<\/a><\/li><li class=\"separator separator-home\"> <span class=\"dce-separator\"> &gt; <\/span> <\/li><\/ul>\t\t\t\t<\/div>\n\t\t\t\t<\/div>\n\t\t\t\t\t<\/div>\n\t\t<\/div>\n\t\t\t\t\t<\/div>\n\t\t<\/section>\n\t\t\t\t<section class=\"elementor-section elementor-top-section elementor-element elementor-element-e8a9cfe elementor-section-boxed elementor-section-height-default elementor-section-height-default\" data-id=\"e8a9cfe\" data-element_type=\"section\">\n\t\t\t\t\t\t<div class=\"elementor-container elementor-column-gap-default\">\n\t\t\t\t\t<div class=\"elementor-column elementor-col-100 elementor-top-column elementor-element elementor-element-67c1b01\" data-id=\"67c1b01\" data-element_type=\"column\">\n\t\t\t<div class=\"elementor-widget-wrap elementor-element-populated\">\n\t\t\t\t\t\t<div class=\"elementor-element elementor-element-4e43862 dce-col-3 dce-posts-layout-default dce-col-tablet-3 dce-col-mobile-1 dce-align-left elementor-widget elementor-widget-dce-dynamicposts-v2\" data-id=\"4e43862\" data-element_type=\"widget\" data-settings=\"{&quot;templatemode_linkable&quot;:&quot;yes&quot;,&quot;grid_match_height&quot;:&quot;yes&quot;,&quot;style_items&quot;:&quot;default&quot;,&quot;grid_grid_type&quot;:&quot;flex&quot;}\" data-widget_type=\"dce-dynamicposts-v2.grid\">\n\t\t\t\t<div class=\"elementor-widget-container\">\n\t\t\t\t\t\n\t\t<div class=\"dce-fix-background-loop dce-posts-container dce-posts dce-dynamic-posts-collection  dce-skin-grid dce-skin-grid-flex\">\n\t\t\t\t\t\t<div class=\"dce-posts-wrapper dce-wrapper-grid\">\n\t\t\t\n\t\t<article class=\"post-3696 investigacion type-investigacion status-publish has-post-thumbnail hentry category-conferencia dce-post dce-post-item dce-item-grid\" data-dce-post-id=\"3696\" data-dce-post-index=\"0\" data-post-link=\"https:\/\/taniarubio.com\/en\/investigacion\/childrens-orchestra-of-indigenous-instruments-of-america\/\">\n\t\t\t<div class=\"dce-post-block\">\n\t\t<div class=\"dce-item dce-item_image elementor-repeater-item-3320d70\"><a class=\"dce-post-image\" href=\"https:\/\/taniarubio.com\/en\/investigacion\/childrens-orchestra-of-indigenous-instruments-of-america\/\"><figure data-image-ratio=\"1\" class=\"dce-img\"><img fetchpriority=\"high\" decoding=\"async\" width=\"800\" height=\"518\" src=\"https:\/\/taniarubio.com\/wp-content\/uploads\/2019\/11\/arna-2019-flyer-a-1080w-1024x663.png\" class=\"\" alt=\"Children\u2019s Orchestra of Indigenous Instruments of America[:en]Children\u2019s Orchestra of Indigenous Instruments of America\" srcset=\"https:\/\/taniarubio.com\/wp-content\/uploads\/2019\/11\/arna-2019-flyer-a-1080w-1024x663.png 1024w, https:\/\/taniarubio.com\/wp-content\/uploads\/2019\/11\/arna-2019-flyer-a-1080w-300x194.png 300w, https:\/\/taniarubio.com\/wp-content\/uploads\/2019\/11\/arna-2019-flyer-a-1080w-768x497.png 768w, https:\/\/taniarubio.com\/wp-content\/uploads\/2019\/11\/arna-2019-flyer-a-1080w-100x65.png 100w, https:\/\/taniarubio.com\/wp-content\/uploads\/2019\/11\/arna-2019-flyer-a-1080w-862x558.png 862w, https:\/\/taniarubio.com\/wp-content\/uploads\/2019\/11\/arna-2019-flyer-a-1080w.png 1080w\" sizes=\"(max-width: 800px) 100vw, 800px\" \/><\/figure><\/a><\/div><div class=\"dce-item dce-item_title elementor-repeater-item-3c10b94\"><p class=\"dce-post-title\"><a href=\"https:\/\/taniarubio.com\/en\/investigacion\/childrens-orchestra-of-indigenous-instruments-of-america\/\">Children\u2019s Orchestra of Indigenous Instruments of America[:en]Children\u2019s Orchestra of Indigenous Instruments of America<\/a><\/p><\/div><div class=\"dce-item dce-item_custommeta elementor-repeater-item-57f9f94\"><\/div>\t\t\t<\/div>\n\t\t<\/article>\n\t\t\n\t\t<article class=\"post-3695 investigacion type-investigacion status-publish has-post-thumbnail hentry category-conferencia dce-post dce-post-item dce-item-grid\" data-dce-post-id=\"3695\" data-dce-post-index=\"1\" data-post-link=\"https:\/\/taniarubio.com\/en\/investigacion\/estudios-de-bioacustica-como-una-herramienta-para-la-composicion-con-medios-electronicos\/\">\n\t\t\t<div class=\"dce-post-block\">\n\t\t<div class=\"dce-item dce-item_image elementor-repeater-item-3320d70\"><a class=\"dce-post-image\" href=\"https:\/\/taniarubio.com\/en\/investigacion\/estudios-de-bioacustica-como-una-herramienta-para-la-composicion-con-medios-electronicos\/\"><figure data-image-ratio=\"1\" class=\"dce-img\"><img decoding=\"async\" width=\"730\" height=\"486\" src=\"https:\/\/taniarubio.com\/wp-content\/uploads\/2019\/11\/web_ems_730.png\" class=\"\" alt=\"Estudios de bioac\u00fastica como una herramienta para la composici\u00f3n con medios electr\u00f3nicos\" srcset=\"https:\/\/taniarubio.com\/wp-content\/uploads\/2019\/11\/web_ems_730.png 730w, https:\/\/taniarubio.com\/wp-content\/uploads\/2019\/11\/web_ems_730-300x200.png 300w, https:\/\/taniarubio.com\/wp-content\/uploads\/2019\/11\/web_ems_730-100x67.png 100w\" sizes=\"(max-width: 730px) 100vw, 730px\" \/><\/figure><\/a><\/div><div class=\"dce-item dce-item_title elementor-repeater-item-3c10b94\"><p class=\"dce-post-title\"><a href=\"https:\/\/taniarubio.com\/en\/investigacion\/estudios-de-bioacustica-como-una-herramienta-para-la-composicion-con-medios-electronicos\/\">Estudios de bioac\u00fastica como una herramienta para la composici\u00f3n con medios electr\u00f3nicos<\/a><\/p><\/div><div class=\"dce-item dce-item_custommeta elementor-repeater-item-57f9f94\"><\/div>\t\t\t<\/div>\n\t\t<\/article>\n\t\t\n\t\t<article class=\"post-3694 investigacion type-investigacion status-publish has-post-thumbnail hentry category-conferencia dce-post dce-post-item dce-item-grid\" data-dce-post-id=\"3694\" data-dce-post-index=\"2\" data-post-link=\"https:\/\/taniarubio.com\/en\/investigacion\/viejas-y-nuevas-tecnologias-un-recorrido-historico-biologico-y-cultural-para-la-creacion-de-musica-nueva\/\">\n\t\t\t<div class=\"dce-post-block\">\n\t\t<div class=\"dce-item dce-item_image elementor-repeater-item-3320d70\"><a class=\"dce-post-image\" href=\"https:\/\/taniarubio.com\/en\/investigacion\/viejas-y-nuevas-tecnologias-un-recorrido-historico-biologico-y-cultural-para-la-creacion-de-musica-nueva\/\"><figure data-image-ratio=\"1\" class=\"dce-img\"><img decoding=\"async\" width=\"800\" height=\"600\" src=\"https:\/\/taniarubio.com\/wp-content\/uploads\/Vasija-Silbadora-tuca\u0301n-1024x768.jpg\" class=\"\" alt=\"Viejas y Nuevas Tecnolog\u00edas. Un recorrido hist\u00f3rico, biol\u00f3gico y cultural para la creaci\u00f3n de m\u00fasica nueva\" srcset=\"https:\/\/taniarubio.com\/wp-content\/uploads\/Vasija-Silbadora-tuca\u0301n-1024x768.jpg 1024w, https:\/\/taniarubio.com\/wp-content\/uploads\/Vasija-Silbadora-tuca\u0301n-300x225.jpg 300w, https:\/\/taniarubio.com\/wp-content\/uploads\/Vasija-Silbadora-tuca\u0301n-768x576.jpg 768w, https:\/\/taniarubio.com\/wp-content\/uploads\/Vasija-Silbadora-tuca\u0301n.jpg 1500w\" sizes=\"(max-width: 800px) 100vw, 800px\" \/><\/figure><\/a><\/div><div class=\"dce-item dce-item_title elementor-repeater-item-3c10b94\"><p class=\"dce-post-title\"><a href=\"https:\/\/taniarubio.com\/en\/investigacion\/viejas-y-nuevas-tecnologias-un-recorrido-historico-biologico-y-cultural-para-la-creacion-de-musica-nueva\/\">Viejas y Nuevas Tecnolog\u00edas. Un recorrido hist\u00f3rico, biol\u00f3gico y cultural para la creaci\u00f3n de m\u00fasica nueva<\/a><\/p><\/div><div class=\"dce-item dce-item_custommeta elementor-repeater-item-57f9f94\"><\/div>\t\t\t<\/div>\n\t\t<\/article>\n\t\t\n\t\t<article class=\"post-3693 investigacion type-investigacion status-publish has-post-thumbnail hentry category-conferencia dce-post dce-post-item dce-item-grid\" data-dce-post-id=\"3693\" data-dce-post-index=\"3\" data-post-link=\"https:\/\/taniarubio.com\/en\/investigacion\/perspectivas-transdisciplinares-para-la-creacion-una-ecologia-de-saberes-entre-tecnologias-precolombinas-animales-simbolo-y-bioacustica\/\">\n\t\t\t<div class=\"dce-post-block\">\n\t\t<div class=\"dce-item dce-item_image elementor-repeater-item-3320d70\"><a class=\"dce-post-image\" href=\"https:\/\/taniarubio.com\/en\/investigacion\/perspectivas-transdisciplinares-para-la-creacion-una-ecologia-de-saberes-entre-tecnologias-precolombinas-animales-simbolo-y-bioacustica\/\"><figure data-image-ratio=\"1\" class=\"dce-img\"><img loading=\"lazy\" decoding=\"async\" width=\"603\" height=\"463\" src=\"https:\/\/taniarubio.com\/wp-content\/uploads\/2018\/08\/logo.png\" class=\"\" alt=\"Perspectivas transdisciplinares para la creaci\u00f3n. Una ecolog\u00eda de saberes entre tecnolog\u00edas precolombinas, animales s\u00edmbolo y bioac\u00fastica.\" srcset=\"https:\/\/taniarubio.com\/wp-content\/uploads\/2018\/08\/logo.png 603w, https:\/\/taniarubio.com\/wp-content\/uploads\/2018\/08\/logo-300x230.png 300w, https:\/\/taniarubio.com\/wp-content\/uploads\/2018\/08\/logo-100x77.png 100w\" sizes=\"(max-width: 603px) 100vw, 603px\" \/><\/figure><\/a><\/div><div class=\"dce-item dce-item_title elementor-repeater-item-3c10b94\"><p class=\"dce-post-title\"><a href=\"https:\/\/taniarubio.com\/en\/investigacion\/perspectivas-transdisciplinares-para-la-creacion-una-ecologia-de-saberes-entre-tecnologias-precolombinas-animales-simbolo-y-bioacustica\/\">Perspectivas transdisciplinares para la creaci\u00f3n. Una ecolog\u00eda de saberes entre tecnolog\u00edas precolombinas, animales s\u00edmbolo y bioac\u00fastica.<\/a><\/p><\/div><div class=\"dce-item dce-item_custommeta elementor-repeater-item-57f9f94\"><\/div>\t\t\t<\/div>\n\t\t<\/article>\n\t\t\n\t\t<article class=\"post-3692 investigacion type-investigacion status-publish has-post-thumbnail hentry category-conferencia dce-post dce-post-item dce-item-grid\" data-dce-post-id=\"3692\" data-dce-post-index=\"4\" data-post-link=\"https:\/\/taniarubio.com\/en\/investigacion\/biotopos-la-creacion-transdisciplinar-a-partir-del-estudio-de-sistemas-acusticos-precolombinos-paisaje-sonoro-y-animales-simbolo\/\">\n\t\t\t<div class=\"dce-post-block\">\n\t\t<div class=\"dce-item dce-item_image elementor-repeater-item-3320d70\"><a class=\"dce-post-image\" href=\"https:\/\/taniarubio.com\/en\/investigacion\/biotopos-la-creacion-transdisciplinar-a-partir-del-estudio-de-sistemas-acusticos-precolombinos-paisaje-sonoro-y-animales-simbolo\/\"><figure data-image-ratio=\"1\" class=\"dce-img\"><img loading=\"lazy\" decoding=\"async\" width=\"800\" height=\"703\" src=\"https:\/\/taniarubio.com\/wp-content\/uploads\/2018\/10\/42160644_10214497870293319_3347297773048299520_n.jpg\" class=\"\" alt=\"Biotopos. La creaci\u00f3n transdisciplinar a partir del estudio de sistemas ac\u00fasticos precolombinos, paisaje sonoro y animales s\u00edmbolo.\" srcset=\"https:\/\/taniarubio.com\/wp-content\/uploads\/2018\/10\/42160644_10214497870293319_3347297773048299520_n.jpg 960w, https:\/\/taniarubio.com\/wp-content\/uploads\/2018\/10\/42160644_10214497870293319_3347297773048299520_n-300x264.jpg 300w, https:\/\/taniarubio.com\/wp-content\/uploads\/2018\/10\/42160644_10214497870293319_3347297773048299520_n-768x675.jpg 768w, https:\/\/taniarubio.com\/wp-content\/uploads\/2018\/10\/42160644_10214497870293319_3347297773048299520_n-100x88.jpg 100w, https:\/\/taniarubio.com\/wp-content\/uploads\/2018\/10\/42160644_10214497870293319_3347297773048299520_n-862x758.jpg 862w\" sizes=\"(max-width: 800px) 100vw, 800px\" \/><\/figure><\/a><\/div><div class=\"dce-item dce-item_title elementor-repeater-item-3c10b94\"><p class=\"dce-post-title\"><a href=\"https:\/\/taniarubio.com\/en\/investigacion\/biotopos-la-creacion-transdisciplinar-a-partir-del-estudio-de-sistemas-acusticos-precolombinos-paisaje-sonoro-y-animales-simbolo\/\">Biotopos. La creaci\u00f3n transdisciplinar a partir del estudio de sistemas ac\u00fasticos precolombinos, paisaje sonoro y animales s\u00edmbolo.<\/a><\/p><\/div><div class=\"dce-item dce-item_custommeta elementor-repeater-item-57f9f94\"><\/div>\t\t\t<\/div>\n\t\t<\/article>\n\t\t\n\t\t<article class=\"post-3683 investigacion type-investigacion status-publish has-post-thumbnail hentry category-conferencia dce-post dce-post-item dce-item-grid\" data-dce-post-id=\"3683\" data-dce-post-index=\"5\" data-post-link=\"https:\/\/taniarubio.com\/en\/investigacion\/la-escucha-cultural-la-escucha-musical-y-el-paisaje-sonoro\/\">\n\t\t\t<div class=\"dce-post-block\">\n\t\t<div class=\"dce-item dce-item_image elementor-repeater-item-3320d70\"><a class=\"dce-post-image\" href=\"https:\/\/taniarubio.com\/en\/investigacion\/la-escucha-cultural-la-escucha-musical-y-el-paisaje-sonoro\/\"><figure data-image-ratio=\"1\" class=\"dce-img\"><img loading=\"lazy\" decoding=\"async\" width=\"622\" height=\"960\" src=\"https:\/\/taniarubio.com\/wp-content\/uploads\/2018\/08\/39515086_10214255440992738_8169482887431716864_n.jpg\" class=\"\" alt=\"La escucha cultural, la escucha musical y el paisaje sonoro\" srcset=\"https:\/\/taniarubio.com\/wp-content\/uploads\/2018\/08\/39515086_10214255440992738_8169482887431716864_n.jpg 622w, https:\/\/taniarubio.com\/wp-content\/uploads\/2018\/08\/39515086_10214255440992738_8169482887431716864_n-194x300.jpg 194w, https:\/\/taniarubio.com\/wp-content\/uploads\/2018\/08\/39515086_10214255440992738_8169482887431716864_n-100x154.jpg 100w\" sizes=\"(max-width: 622px) 100vw, 622px\" \/><\/figure><\/a><\/div><div class=\"dce-item dce-item_title elementor-repeater-item-3c10b94\"><p class=\"dce-post-title\"><a href=\"https:\/\/taniarubio.com\/en\/investigacion\/la-escucha-cultural-la-escucha-musical-y-el-paisaje-sonoro\/\">La escucha cultural, la escucha musical y el paisaje sonoro<\/a><\/p><\/div><div class=\"dce-item dce-item_custommeta elementor-repeater-item-57f9f94\"><\/div>\t\t\t<\/div>\n\t\t<\/article>\n\t\t\n\t\t<article class=\"post-3681 investigacion type-investigacion status-publish has-post-thumbnail hentry category-conferencia dce-post dce-post-item dce-item-grid\" data-dce-post-id=\"3681\" data-dce-post-index=\"6\" data-post-link=\"https:\/\/taniarubio.com\/en\/investigacion\/la-creacion-transdisciplinar-contemporanea-a-traves-de-una-mirada-al-pasado-precolombino-el-sonido-en-los-animales-simbolo-y-su-representacion-iconografica\/\">\n\t\t\t<div class=\"dce-post-block\">\n\t\t<div class=\"dce-item dce-item_image elementor-repeater-item-3320d70\"><a class=\"dce-post-image\" href=\"https:\/\/taniarubio.com\/en\/investigacion\/la-creacion-transdisciplinar-contemporanea-a-traves-de-una-mirada-al-pasado-precolombino-el-sonido-en-los-animales-simbolo-y-su-representacion-iconografica\/\"><figure data-image-ratio=\"1\" class=\"dce-img\"><img loading=\"lazy\" decoding=\"async\" width=\"720\" height=\"540\" src=\"https:\/\/taniarubio.com\/wp-content\/uploads\/2018\/01\/Slide11.jpg\" class=\"\" alt=\"La creaci\u00f3n transdisciplinar contempor\u00e1nea a trav\u00e9s de una mirada al pasado precolombino; el sonido en los animales s\u00edmbolo y su representaci\u00f3n iconogr\u00e1fica\" srcset=\"https:\/\/taniarubio.com\/wp-content\/uploads\/2018\/01\/Slide11.jpg 720w, https:\/\/taniarubio.com\/wp-content\/uploads\/2018\/01\/Slide11-300x225.jpg 300w, https:\/\/taniarubio.com\/wp-content\/uploads\/2018\/01\/Slide11-100x75.jpg 100w\" sizes=\"(max-width: 720px) 100vw, 720px\" \/><\/figure><\/a><\/div><div class=\"dce-item dce-item_title elementor-repeater-item-3c10b94\"><p class=\"dce-post-title\"><a href=\"https:\/\/taniarubio.com\/en\/investigacion\/la-creacion-transdisciplinar-contemporanea-a-traves-de-una-mirada-al-pasado-precolombino-el-sonido-en-los-animales-simbolo-y-su-representacion-iconografica\/\">La creaci\u00f3n transdisciplinar contempor\u00e1nea a trav\u00e9s de una mirada al pasado precolombino; el sonido en los animales s\u00edmbolo y su representaci\u00f3n iconogr\u00e1fica<\/a><\/p><\/div><div class=\"dce-item dce-item_custommeta elementor-repeater-item-57f9f94\"><\/div>\t\t\t<\/div>\n\t\t<\/article>\n\t\t\n\t\t<article class=\"post-3680 investigacion type-investigacion status-publish hentry category-conferencia dce-post dce-post-item dce-item-grid\" data-dce-post-id=\"3680\" data-dce-post-index=\"7\" data-post-link=\"https:\/\/taniarubio.com\/en\/investigacion\/el-nos-otros-un-paradigma-que-diluye-la-nocion-del-compositor-deshaciendo-las-fronteras-del-individualismo-y-las-disciplinas\/\">\n\t\t\t<div class=\"dce-post-block\">\n\t\t<div class=\"dce-item dce-item_image elementor-repeater-item-3320d70\"><\/div><div class=\"dce-item dce-item_title elementor-repeater-item-3c10b94\"><p class=\"dce-post-title\"><a href=\"https:\/\/taniarubio.com\/en\/investigacion\/el-nos-otros-un-paradigma-que-diluye-la-nocion-del-compositor-deshaciendo-las-fronteras-del-individualismo-y-las-disciplinas\/\">El nos-otros, un paradigma que diluye la noci\u00f3n del compositor. (deshaciendo las fronteras del individualismo y las disciplinas)<\/a><\/p><\/div><div class=\"dce-item dce-item_custommeta elementor-repeater-item-57f9f94\"><\/div>\t\t\t<\/div>\n\t\t<\/article>\n\t\t\n\t\t<article class=\"post-3679 investigacion type-investigacion status-publish has-post-thumbnail hentry category-conferencia dce-post dce-post-item dce-item-grid\" data-dce-post-id=\"3679\" data-dce-post-index=\"8\" data-post-link=\"https:\/\/taniarubio.com\/en\/investigacion\/la-obra-de-arte-como-resultado-de-una-investigacion-interdisciplinaria-correspondencias-una-propuesta-transdiciplinaria\/\">\n\t\t\t<div class=\"dce-post-block\">\n\t\t<div class=\"dce-item dce-item_image elementor-repeater-item-3320d70\"><a class=\"dce-post-image\" href=\"https:\/\/taniarubio.com\/en\/investigacion\/la-obra-de-arte-como-resultado-de-una-investigacion-interdisciplinaria-correspondencias-una-propuesta-transdiciplinaria\/\"><figure data-image-ratio=\"1\" class=\"dce-img\"><img loading=\"lazy\" decoding=\"async\" width=\"640\" height=\"640\" src=\"https:\/\/taniarubio.com\/wp-content\/uploads\/2016\/01\/10152642_750059461679694_2293455425525359275_n.jpg\" class=\"\" alt=\"&#8220;La obra de arte como resultado de una investigaci\u00f3n interdisciplinaria: Correspondencias, una propuesta transdiciplinaria&#8221;\" srcset=\"https:\/\/taniarubio.com\/wp-content\/uploads\/2016\/01\/10152642_750059461679694_2293455425525359275_n.jpg 640w, https:\/\/taniarubio.com\/wp-content\/uploads\/2016\/01\/10152642_750059461679694_2293455425525359275_n-150x150.jpg 150w, https:\/\/taniarubio.com\/wp-content\/uploads\/2016\/01\/10152642_750059461679694_2293455425525359275_n-300x300.jpg 300w, https:\/\/taniarubio.com\/wp-content\/uploads\/2016\/01\/10152642_750059461679694_2293455425525359275_n-100x100.jpg 100w\" sizes=\"(max-width: 640px) 100vw, 640px\" \/><\/figure><\/a><\/div><div class=\"dce-item dce-item_title elementor-repeater-item-3c10b94\"><p class=\"dce-post-title\"><a href=\"https:\/\/taniarubio.com\/en\/investigacion\/la-obra-de-arte-como-resultado-de-una-investigacion-interdisciplinaria-correspondencias-una-propuesta-transdiciplinaria\/\">&#8220;La obra de arte como resultado de una investigaci\u00f3n interdisciplinaria: Correspondencias, una propuesta transdiciplinaria&#8221;<\/a><\/p><\/div><div class=\"dce-item dce-item_custommeta elementor-repeater-item-57f9f94\"><\/div>\t\t\t<\/div>\n\t\t<\/article>\n\t\t\t\t\t<\/div>\n\t\t\t\t\t<\/div>\n\t\t\t\t\t\t<\/div>\n\t\t\t\t<\/div>\n\t\t\t\t\t<\/div>\n\t\t<\/div>\n\t\t\t\t\t<\/div>\n\t\t<\/section>\n\t\t\t\t<\/div>\n\t\t","protected":false},"excerpt":{"rendered":"<p>Inicio &gt; Children\u2019s Orchestra of Indigenous Instruments of America[:en]Children\u2019s Orchestra of Indigenous Instruments of America Estudios de bioac\u00fastica como una herramienta para la composici\u00f3n con medios electr\u00f3nicos Viejas y Nuevas Tecnolog\u00edas. Un recorrido hist\u00f3rico, biol\u00f3gico y cultural para la creaci\u00f3n de m\u00fasica nueva Perspectivas transdisciplinares para la creaci\u00f3n. Una ecolog\u00eda de saberes entre tecnolog\u00edas precolombinas, [&hellip;]<\/p>\n","protected":false},"author":1,"featured_media":0,"parent":2871,"menu_order":2,"comment_status":"closed","ping_status":"closed","template":"elementor_header_footer","meta":{"_acf_changed":false,"footnotes":""},"class_list":["post-4839","page","type-page","status-publish","hentry"],"acf":[],"_links":{"self":[{"href":"https:\/\/taniarubio.com\/en\/wp-json\/wp\/v2\/pages\/4839","targetHints":{"allow":["GET"]}}],"collection":[{"href":"https:\/\/taniarubio.com\/en\/wp-json\/wp\/v2\/pages"}],"about":[{"href":"https:\/\/taniarubio.com\/en\/wp-json\/wp\/v2\/types\/page"}],"author":[{"embeddable":true,"href":"https:\/\/taniarubio.com\/en\/wp-json\/wp\/v2\/users\/1"}],"replies":[{"embeddable":true,"href":"https:\/\/taniarubio.com\/en\/wp-json\/wp\/v2\/comments?post=4839"}],"version-history":[{"count":40,"href":"https:\/\/taniarubio.com\/en\/wp-json\/wp\/v2\/pages\/4839\/revisions"}],"predecessor-version":[{"id":6367,"href":"https:\/\/taniarubio.com\/en\/wp-json\/wp\/v2\/pages\/4839\/revisions\/6367"}],"up":[{"embeddable":true,"href":"https:\/\/taniarubio.com\/en\/wp-json\/wp\/v2\/pages\/2871"}],"wp:attachment":[{"href":"https:\/\/taniarubio.com\/en\/wp-json\/wp\/v2\/media?parent=4839"}],"curies":[{"name":"wp","href":"https:\/\/api.w.org\/{rel}","templated":true}]}}